{"id":30949,"date":"2019-07-23T18:55:41","date_gmt":"2019-07-23T17:55:41","guid":{"rendered":"https:\/\/www.paraninfo.com\/condiciones-generales\/"},"modified":"2022-10-31T16:11:19","modified_gmt":"2022-10-31T15:11:19","slug":"condiciones-generales-idiomas","status":"publish","type":"page","link":"https:\/\/www.paraninfo.com\/en\/condiciones-generales-idiomas\/","title":{"rendered":"Condiciones generales Cursos de idiomas"},"content":{"rendered":"<div class=\"fusion-fullwidth fullwidth-box fusion-builder-row-1 has-pattern-background has-mask-background nonhundred-percent-fullwidth non-hundred-percent-height-scrolling ancho-contenido\" style=\"--awb-border-radius-top-left:0px;--awb-border-radius-top-right:0px;--awb-border-radius-bottom-right:0px;--awb-border-radius-bottom-left:0px;--awb-flex-wrap:wrap;\" ><div class=\"fusion-builder-row fusion-row\"><div class=\"fusion-layout-column fusion_builder_column fusion-builder-column-0 fusion_builder_column_1_1 1_1 fusion-one-full fusion-column-first fusion-column-last ancho-texto\" style=\"--awb-bg-size:cover;\"><div class=\"fusion-column-wrapper fusion-column-has-shadow fusion-flex-column-wrapper-legacy\"><div class=\"fusion-title title fusion-title-1 fusion-sep-none fusion-title-center fusion-title-text fusion-title-size-one\" style=\"--awb-margin-top:30px;--awb-margin-top-small:30px;--awb-margin-right-small:0px;--awb-margin-left-small:0px;\"><h1 class=\"fusion-title-heading title-heading-center fusion-responsive-typography-calculated\" style=\"margin:0;--fontSize:105;line-height:1;\"><p>Condiciones generales<br \/>\nCursos de idiomas<\/p><\/h1><\/div><div class=\"fusion-text fusion-text-1\"><ol>\n<li>El\u00a0<strong>Alumno\/a<\/strong> declara, mediante la aceptaci\u00f3n de este documento, que ha recibido con anterioridad el programa espec\u00edfico del curso contratado, as\u00ed como que cumple los requisitos establecidos en dicho programa para acceder al mismo. Acepta llevar a cabo, en su caso, las pruebas de nivel establecidas por la Escuela para la determinaci\u00f3n del cumplimiento de los requisitos m\u00ednimos del curso en el que est\u00e9 interesado. Dicho programa espec\u00edfico constituye las Condiciones Particulares de este contrato.<\/li>\n<li><strong>Importe y matr\u00edcula<\/strong>: En funci\u00f3n de lo acordado por las partes en el punto anterior, el Alumno\/a se compromete a satisfacer el importe total de los honorarios de ense\u00f1anza seg\u00fan las condiciones establecidas en el programa espec\u00edfico del curso contratado y seg\u00fan las condiciones establecidas en estas Condiciones Generales. La plaza se reserva pagando o bien el importe completo del curso o bien la matr\u00edcula de 30 \u20ac anuales para cursos de idiomas e inform\u00e1tica.\u00a0<strong>No aceptaremos ninguna matr\u00edcula sin recibir antes inscripci\u00f3n.<\/strong><\/li>\n<li>Cualquier\u00a0<strong>deuda econ\u00f3mica<\/strong> del Alumno\/a con la Escuela al finalizar el curso implica la no admisi\u00f3n de dicho\/a alumno\/a en cursos posteriores.<\/li>\n<li>Las\u00a0<strong>faltas de asistencia<\/strong> son irrecuperables, as\u00ed como las fiestas de car\u00e1cter nacional o local.<\/li>\n<li><strong>Profesorado:<\/strong> La Escuela se compromete a contratar al profesorado m\u00e1s adecuado disponible para la impartici\u00f3n de las clases de cada curso y nivel. La Escuela se reserva el derecho de cambiar el profesorado a lo largo del curso, y el alumno\/a no podr\u00e1 reclamar por este hecho. Cuando uno\/a de los profesores o profesoras deje de prestar servicios para la Escuela, sea por el motivo que fuere, la Escuela proceder\u00e1 a su sustituci\u00f3n, y el Alumno\/a no podr\u00e1 cancelar unilateralmente o reclamar por dicha circunstancia. Si un curso no tiene suficientes participantes, la Escuela se reserva el derecho a cancelarlo, ofreciendo, si es posible, un horario alternativo o procediendo a la devoluci\u00f3n del importe pagado por el Alumno\/a.<\/li>\n<li><strong>Desistimiento del curso:<\/strong> Para su total efectividad, el Alumno\/a deber\u00e1 comunicar en Secretar\u00eda su deseo de causar baja, temporal o definitiva, en el curso correspondiente as\u00ed como, en su caso, su deseo de cambio de horario. La baja temporal o definitiva en el curso deber\u00e1 comunicarse antes del inicio del curso; una vez empezado el mismo, el Alumno\/a no podr\u00e1 desistir del mismo. Se descontar\u00e1n 50 \u20ac de cualquier devoluci\u00f3n en concepto de gastos administrativos.<\/li>\n<li>El Alumno\/a acepta que la\u00a0<strong>falta de pago<\/strong>, total o parcial, de los honorarios estipulados a favor de la Escuela por el curso contratado, o la devoluci\u00f3n de uno cualquiera de los recibos domiciliados, comportar\u00e1 la baja autom\u00e1tica como alumno\/a de la Escuela, salvo que el Alumno\/a proceda al pago \u00edntegro de las cantidades no satisfechas o recibos devueltos dentro de los 10 d\u00edas naturales siguiente a la fecha del impago total o parcial.<\/li>\n<li>La Escuela tiene a disposici\u00f3n de los alumnos\/as o sus representantes legales\u00a0<strong>Hojas de Reclamaciones<\/strong> conforme al modelo oficial.<\/li>\n<li>Para cualquier controversia que se derive de la interpretaci\u00f3n o cumplimiento del presente contrato, la Escuela se somete expresamente al sistema arbitral de consumo, a trav\u00e9s de la Junta Arbitral de Consumo que le corresponda.<\/li>\n<li><strong> Finalidad o uso de los datos personales<\/strong>. De conformidad con el Reglamento (UE) 2016\/679 del Parlamento Europeo y del Consejo, de 27 de abril de 2016, relativo a la protecci\u00f3n de las personas f\u00edsicas en lo que respecta al tratamiento de datos personales y a la libre circulaci\u00f3n de estos datos,\u00a0 informamos que al firmar este documento presta su consentimiento para que los datos personales aportados en el procedo de matr\u00edcula, sean tratado por ACADEMIA PARANINFO (SERVILINFOR S.L) , cuya finalidad es realizar la gesti\u00f3n acad\u00e9mica, econ\u00f3mica y administrativa, necesaria para la organizaci\u00f3n y desarrollo de la actividad formativa en ACADEMIA PARANINFO , situada en Calle Princesa 70, 28008 Madrid, del alumno.\u00a0<strong>II Tratamiento de las im\u00e1genes de los alumnos.\u00a0<\/strong>Durante el transcurso del periodo escolar, son captadas y utilizadas im\u00e1genes de los alumnos\/as en la composici\u00f3n de archivos gr\u00e1ficos o video gr\u00e1ficos, como orlas y otros elaborados para informar y\/o dar a conocer diversas actividades organizadas por Academia Paraninfo, a trav\u00e9s de publicaciones en soporte papel o la inclusi\u00f3n en el sitio www.paraninfo.com. Asimismo, las im\u00e1genes se publicar\u00e1n a trav\u00e9s de videos gr\u00e1ficos, plataformas web como YOUTUBE, redes sociales, as\u00ed como en la web. Su finalidad es dar visibilidad al trabajo desarrollado por los alumnos\/as en el centro. En caso de no estar de acuerdo en el tratamiento de la imagen del menor para los fines se\u00f1alados, de acuerdo con la Ley Org\u00e1nica 1\/1996, de Protecci\u00f3n Jur\u00eddica del Menor, Ud. podr\u00e1, en cualquier momento, manifestar la no conformidad a Academia Paraninfo, por escrito, a la direcci\u00f3n indicada y adjuntando fotocopia del DNI.\u00a0<strong>III. Plazo de conservaci\u00f3n.\u00a0<\/strong>El plazo de conservaci\u00f3n de los datos en condici\u00f3n de alumno ser\u00e1 arreglo al que obliga a tener la informaci\u00f3n relacionada con la gesti\u00f3n educativa, ante requerimiento de la entidad p\u00fablica competente (Consejer\u00eda de Educaci\u00f3n, Agencia Tributaria u \u00f3rganos jurisdiccionales) y, hasta que no ejerza su derecho de cancelaci\u00f3n o supresi\u00f3n.\u00a0<strong>IV. Legitimaci\u00f3n.<\/strong> Los datos son tratados en base a la relaci\u00f3n existente entre Ud. y el centro educativo.\u00a0<strong>V. Cesi\u00f3n o comunicaci\u00f3n de los datos personales.\u00a0<\/strong>Los datos podr\u00e1n ser cedidos o comunicados, en su caso, a: \u2013 Entidades bancarias para la realizaci\u00f3n de cobros o pagos. \u2013 A la entidad aseguradora con la que el Centro contrate para la gesti\u00f3n de los accidentes que los alumnos puedan sufrir. \u2013 A su vez, estos datos ser\u00e1n objeto de cesi\u00f3n a Ministerios u Organismos P\u00fablicos, a centros, colegios o instituciones que colaboren en nuestros programas. En todo caso, las cesiones se realizar\u00e1n de forma reglada, no pudiendo emplearse los datos comunicados para fines distintos de los que motivan su recogida. <strong>VI. Ejercicio de derechos<\/strong>.\u00a0Ud. podr\u00e1 ejercitar los derechos de Acceso, Rectificaci\u00f3n, Cancelaci\u00f3n, Portabilidad, Supresi\u00f3n o, en su caso, Oposici\u00f3n. Podr\u00e1 interponer una reclamaci\u00f3n ante la Agencia Espa\u00f1ola de Protecci\u00f3n de Datos (www.agpd.es).<\/li>\n<li><strong>Vigencia y \u00e1mbito de aplicaci\u00f3n de las presentes condiciones generales. <\/strong>Las presentes Condiciones Generales ser\u00e1n de aplicaci\u00f3n y son anexas a las Condiciones Particulares establecidas en el programa espec\u00edfico del curso contratado facilitado al Alumno. Ambos documentos conforman este Contrato de Ense\u00f1anza no Reglada que regula la relaci\u00f3n entre la escuela y el Alumno\/a.<br \/>\nLas presentes Condiciones Generales ser\u00e1n de aplicaci\u00f3n a cualquier curso que contrate el Alumno\/a, a partir de la fecha de la firma de este contrato, por lo que, salvo que las mismas sufran modificaci\u00f3n, ser\u00e1n de aplicaci\u00f3n en los cursos y programas que en un futuro contrate el Alumno\/a mediante la suscripci\u00f3n de las correspondientes Condiciones Particulares de cada curso, es decir, mediante la suscripci\u00f3n del programa espec\u00edfico del futuro curso que contrate el Alumno\/a.<br \/>\nCuando las Condiciones Generales de este contrato sufran modificaciones, \u00e9stas se ir\u00e1n actualizando a trav\u00e9s de los diferentes documentos de Condiciones Particulares de cada curso; siendo la fecha de entrada en vigor de estas variaciones la que figure en las Condiciones Particulares que las contenga.<\/li>\n<\/ol>\n<p><strong>Subvenciones<\/strong><br \/>\nLos cursos de\u00a0<strong>Academia Paraninfo<\/strong>\u00a0pueden ser BONIFICABLES por\u00a0<strong>FUNDAE<\/strong>\u00a0y subvencionados por la\u00a0<strong>Uni\u00f3n Europea<\/strong>\u00a0y el<strong>\u00a0Gobierno alem\u00e1n<\/strong>.<\/p>\n<\/div><div class=\"fusion-clearfix\"><\/div><\/div><\/div><\/div><\/div>\n","protected":false},"excerpt":{"rendered":"","protected":false},"author":1,"featured_media":0,"parent":0,"menu_order":0,"comment_status":"closed","ping_status":"closed","template":"","meta":{"footnotes":""},"class_list":["post-30949","page","type-page","status-publish","hentry"],"yoast_head":"<!-- This site is optimized with the Yoast SEO plugin v27.5 - https:\/\/yoast.com\/product\/yoast-seo-wordpress\/ -->\n<title>Condiciones Generales de los cursos de Academia Paraninfo<\/title>\n<meta name=\"description\" content=\"Condiciones Generales de los cursos de Academia Paraninfo en Madrid\" \/>\n<meta name=\"robots\" content=\"index, follow, max-snippet:-1, max-image-preview:large, max-video-preview:-1\" \/>\n<link rel=\"canonical\" href=\"https:\/\/www.paraninfo.com\/en\/condiciones-generales-idiomas\/\" \/>\n<meta property=\"og:locale\" content=\"en_US\" \/>\n<meta property=\"og:type\" content=\"article\" \/>\n<meta property=\"og:title\" content=\"Condiciones Generales de los cursos de Academia Paraninfo\" \/>\n<meta property=\"og:description\" content=\"Condiciones Generales de los cursos de Academia Paraninfo en Madrid\" \/>\n<meta property=\"og:url\" content=\"https:\/\/www.paraninfo.com\/en\/condiciones-generales-idiomas\/\" \/>\n<meta property=\"og:site_name\" content=\"Academia Paraninfo\" \/>\n<meta property=\"article:publisher\" content=\"https:\/\/www.facebook.com\/pages\/Paraninfo-Best-Language-School-Madrid\/148620935194841\" \/>\n<meta property=\"article:modified_time\" content=\"2022-10-31T15:11:19+00:00\" \/>\n<meta name=\"twitter:card\" content=\"summary_large_image\" \/>\n<meta name=\"twitter:site\" content=\"@acadparaninfo\" \/>\n<meta name=\"twitter:label1\" content=\"Est. reading time\" \/>\n\t<meta name=\"twitter:data1\" content=\"7 minutes\" \/>\n<script type=\"application\/ld+json\" class=\"yoast-schema-graph\">{\"@context\":\"https:\\\/\\\/schema.org\",\"@graph\":[{\"@type\":\"WebPage\",\"@id\":\"https:\\\/\\\/www.paraninfo.com\\\/en\\\/condiciones-generales-idiomas\\\/\",\"url\":\"https:\\\/\\\/www.paraninfo.com\\\/en\\\/condiciones-generales-idiomas\\\/\",\"name\":\"Condiciones Generales de los cursos de Academia Paraninfo\",\"isPartOf\":{\"@id\":\"https:\\\/\\\/www.paraninfo.com\\\/en\\\/#website\"},\"datePublished\":\"2019-07-23T17:55:41+00:00\",\"dateModified\":\"2022-10-31T15:11:19+00:00\",\"description\":\"Condiciones Generales de los cursos de Academia Paraninfo en Madrid\",\"breadcrumb\":{\"@id\":\"https:\\\/\\\/www.paraninfo.com\\\/en\\\/condiciones-generales-idiomas\\\/#breadcrumb\"},\"inLanguage\":\"en-US\",\"potentialAction\":[{\"@type\":\"ReadAction\",\"target\":[\"https:\\\/\\\/www.paraninfo.com\\\/en\\\/condiciones-generales-idiomas\\\/\"]}]},{\"@type\":\"BreadcrumbList\",\"@id\":\"https:\\\/\\\/www.paraninfo.com\\\/en\\\/condiciones-generales-idiomas\\\/#breadcrumb\",\"itemListElement\":[{\"@type\":\"ListItem\",\"position\":1,\"name\":\"Portada\",\"item\":\"https:\\\/\\\/www.paraninfo.com\\\/en\\\/\"},{\"@type\":\"ListItem\",\"position\":2,\"name\":\"Condiciones generales Cursos de idiomas\"}]},{\"@type\":\"WebSite\",\"@id\":\"https:\\\/\\\/www.paraninfo.com\\\/en\\\/#website\",\"url\":\"https:\\\/\\\/www.paraninfo.com\\\/en\\\/\",\"name\":\"Academia Paraninfo\",\"description\":\"Otro sitio realizado con WordPress\",\"publisher\":{\"@id\":\"https:\\\/\\\/www.paraninfo.com\\\/en\\\/#organization\"},\"potentialAction\":[{\"@type\":\"SearchAction\",\"target\":{\"@type\":\"EntryPoint\",\"urlTemplate\":\"https:\\\/\\\/www.paraninfo.com\\\/en\\\/?s={search_term_string}\"},\"query-input\":{\"@type\":\"PropertyValueSpecification\",\"valueRequired\":true,\"valueName\":\"search_term_string\"}}],\"inLanguage\":\"en-US\"},{\"@type\":\"Organization\",\"@id\":\"https:\\\/\\\/www.paraninfo.com\\\/en\\\/#organization\",\"name\":\"Academia Paraninfo\",\"url\":\"https:\\\/\\\/www.paraninfo.com\\\/en\\\/\",\"logo\":{\"@type\":\"ImageObject\",\"inLanguage\":\"en-US\",\"@id\":\"https:\\\/\\\/www.paraninfo.com\\\/en\\\/#\\\/schema\\\/logo\\\/image\\\/\",\"url\":\"https:\\\/\\\/www.paraninfo.com\\\/wp-content\\\/uploads\\\/logo-header-paraninfo.png\",\"contentUrl\":\"https:\\\/\\\/www.paraninfo.com\\\/wp-content\\\/uploads\\\/logo-header-paraninfo.png\",\"width\":254,\"height\":60,\"caption\":\"Academia Paraninfo\"},\"image\":{\"@id\":\"https:\\\/\\\/www.paraninfo.com\\\/en\\\/#\\\/schema\\\/logo\\\/image\\\/\"},\"sameAs\":[\"https:\\\/\\\/www.facebook.com\\\/pages\\\/Paraninfo-Best-Language-School-Madrid\\\/148620935194841\",\"https:\\\/\\\/x.com\\\/acadparaninfo\",\"https:\\\/\\\/www.instagram.com\\\/academiaparaninfo\\\/?hl=es\",\"https:\\\/\\\/www.pinterest.es\\\/paraninfoschool\\\/\"]}]}<\/script>\n<!-- \/ Yoast SEO plugin. -->","yoast_head_json":{"title":"Condiciones Generales de los cursos de Academia Paraninfo","description":"Condiciones Generales de los cursos de Academia Paraninfo en Madrid","robots":{"index":"index","follow":"follow","max-snippet":"max-snippet:-1","max-image-preview":"max-image-preview:large","max-video-preview":"max-video-preview:-1"},"canonical":"https:\/\/www.paraninfo.com\/en\/condiciones-generales-idiomas\/","og_locale":"en_US","og_type":"article","og_title":"Condiciones Generales de los cursos de Academia Paraninfo","og_description":"Condiciones Generales de los cursos de Academia Paraninfo en Madrid","og_url":"https:\/\/www.paraninfo.com\/en\/condiciones-generales-idiomas\/","og_site_name":"Academia Paraninfo","article_publisher":"https:\/\/www.facebook.com\/pages\/Paraninfo-Best-Language-School-Madrid\/148620935194841","article_modified_time":"2022-10-31T15:11:19+00:00","twitter_card":"summary_large_image","twitter_site":"@acadparaninfo","twitter_misc":{"Est. reading time":"7 minutes"},"schema":{"@context":"https:\/\/schema.org","@graph":[{"@type":"WebPage","@id":"https:\/\/www.paraninfo.com\/en\/condiciones-generales-idiomas\/","url":"https:\/\/www.paraninfo.com\/en\/condiciones-generales-idiomas\/","name":"Condiciones Generales de los cursos de Academia Paraninfo","isPartOf":{"@id":"https:\/\/www.paraninfo.com\/en\/#website"},"datePublished":"2019-07-23T17:55:41+00:00","dateModified":"2022-10-31T15:11:19+00:00","description":"Condiciones Generales de los cursos de Academia Paraninfo en Madrid","breadcrumb":{"@id":"https:\/\/www.paraninfo.com\/en\/condiciones-generales-idiomas\/#breadcrumb"},"inLanguage":"en-US","potentialAction":[{"@type":"ReadAction","target":["https:\/\/www.paraninfo.com\/en\/condiciones-generales-idiomas\/"]}]},{"@type":"BreadcrumbList","@id":"https:\/\/www.paraninfo.com\/en\/condiciones-generales-idiomas\/#breadcrumb","itemListElement":[{"@type":"ListItem","position":1,"name":"Portada","item":"https:\/\/www.paraninfo.com\/en\/"},{"@type":"ListItem","position":2,"name":"Condiciones generales Cursos de idiomas"}]},{"@type":"WebSite","@id":"https:\/\/www.paraninfo.com\/en\/#website","url":"https:\/\/www.paraninfo.com\/en\/","name":"Academia Paraninfo","description":"Otro sitio realizado con WordPress","publisher":{"@id":"https:\/\/www.paraninfo.com\/en\/#organization"},"potentialAction":[{"@type":"SearchAction","target":{"@type":"EntryPoint","urlTemplate":"https:\/\/www.paraninfo.com\/en\/?s={search_term_string}"},"query-input":{"@type":"PropertyValueSpecification","valueRequired":true,"valueName":"search_term_string"}}],"inLanguage":"en-US"},{"@type":"Organization","@id":"https:\/\/www.paraninfo.com\/en\/#organization","name":"Academia Paraninfo","url":"https:\/\/www.paraninfo.com\/en\/","logo":{"@type":"ImageObject","inLanguage":"en-US","@id":"https:\/\/www.paraninfo.com\/en\/#\/schema\/logo\/image\/","url":"https:\/\/www.paraninfo.com\/wp-content\/uploads\/logo-header-paraninfo.png","contentUrl":"https:\/\/www.paraninfo.com\/wp-content\/uploads\/logo-header-paraninfo.png","width":254,"height":60,"caption":"Academia Paraninfo"},"image":{"@id":"https:\/\/www.paraninfo.com\/en\/#\/schema\/logo\/image\/"},"sameAs":["https:\/\/www.facebook.com\/pages\/Paraninfo-Best-Language-School-Madrid\/148620935194841","https:\/\/x.com\/acadparaninfo","https:\/\/www.instagram.com\/academiaparaninfo\/?hl=es","https:\/\/www.pinterest.es\/paraninfoschool\/"]}]}},"_links":{"self":[{"href":"https:\/\/www.paraninfo.com\/en\/wp-json\/wp\/v2\/pages\/30949","targetHints":{"allow":["GET"]}}],"collection":[{"href":"https:\/\/www.paraninfo.com\/en\/wp-json\/wp\/v2\/pages"}],"about":[{"href":"https:\/\/www.paraninfo.com\/en\/wp-json\/wp\/v2\/types\/page"}],"author":[{"embeddable":true,"href":"https:\/\/www.paraninfo.com\/en\/wp-json\/wp\/v2\/users\/1"}],"replies":[{"embeddable":true,"href":"https:\/\/www.paraninfo.com\/en\/wp-json\/wp\/v2\/comments?post=30949"}],"version-history":[{"count":0,"href":"https:\/\/www.paraninfo.com\/en\/wp-json\/wp\/v2\/pages\/30949\/revisions"}],"wp:attachment":[{"href":"https:\/\/www.paraninfo.com\/en\/wp-json\/wp\/v2\/media?parent=30949"}],"curies":[{"name":"wp","href":"https:\/\/api.w.org\/{rel}","templated":true}]}}